{"id":319,"date":"2016-12-23T08:26:04","date_gmt":"2016-12-23T07:26:04","guid":{"rendered":"http:\/\/collectioncuisine.fr\/?page_id=319"},"modified":"2016-12-23T08:32:16","modified_gmt":"2016-12-23T07:32:16","slug":"salle-de-bain-sous-combles","status":"publish","type":"page","link":"https:\/\/collectioncuisine.fr\/index.php\/salle-de-bain-sous-combles\/","title":{"rendered":"Salle de Bain \u00ab\u00a0Sous Combles\u00a0\u00bb"},"content":{"rendered":"<p style=\"font-family: 'Roboto Condensed', sans-serif; text-align: center;\"><em><strong>Salle de Bain \u00ab\u00a0Sous Combles\u00a0\u00bb<\/strong><\/em><\/p>\n<h6 style=\"font-family: 'Roboto Condensed', sans-serif; text-align: center;\">Savoir am\u00e9nager vos espaces est la raison d\u2019\u00eatre de Collection Cuisine. Par le choix des mati\u00e8res naturelles, bois en fa\u00e7ade et au sol, vasques en marbre, plan de toilette en r\u00e9sine\u00a0\u2026b\u00e9ton, luminaires jouant avec le rampant du plafond, les combles vous offrent ici un endroit r\u00e9interpr\u00e8t\u00e9, calme et apaisant.<\/h6>\n<table>\n<tbody>\n<tr>\n<td><a href=\"http:\/\/collectioncuisine.fr\/wp-content\/uploads\/2016\/12\/sdbcombles2.jpg\" class=\"gallery_colorbox\"><img loading=\"lazy\" class=\"size-full wp-image-324 aligncenter\" src=\"http:\/\/collectioncuisine.fr\/wp-content\/uploads\/2016\/12\/sdbcombles2mini.jpg\"  alt=\"\" width=\"300\" height=\"200\" \/><\/a><\/td>\n<td><a href=\"http:\/\/collectioncuisine.fr\/wp-content\/uploads\/2016\/12\/sdbcombles1.jpg\" class=\"gallery_colorbox\"><img loading=\"lazy\" class=\"size-full wp-image-322 aligncenter\" src=\"http:\/\/collectioncuisine.fr\/wp-content\/uploads\/2016\/12\/sdbcombles1mini.jpg\"  alt=\"\" width=\"278\" height=\"200\" \/><\/a><\/td>\n<\/tr>\n<tr>\n<td><a href=\"http:\/\/collectioncuisine.fr\/wp-content\/uploads\/2016\/12\/sdbcombles4.jpg\" class=\"gallery_colorbox\"><img loading=\"lazy\" class=\"size-full wp-image-328 aligncenter\" src=\"http:\/\/collectioncuisine.fr\/wp-content\/uploads\/2016\/12\/sdbcombles4mini.jpg\"  alt=\"\" width=\"133\" height=\"200\" \/><\/a><\/td>\n<td><a href=\"http:\/\/collectioncuisine.fr\/wp-content\/uploads\/2016\/12\/sdbcombles3.jpg\" class=\"gallery_colorbox\"><img loading=\"lazy\" class=\"size-full wp-image-326 aligncenter\" src=\"http:\/\/collectioncuisine.fr\/wp-content\/uploads\/2016\/12\/sdbcombles3mini.jpg\"  alt=\"\" width=\"133\" height=\"200\" \/><\/a><\/td>\n<\/tr>\n<\/tbody>\n<\/table>\n","protected":false},"excerpt":{"rendered":"<p>Salle de Bain \u00ab\u00a0Sous Combles\u00a0\u00bb Savoir am\u00e9nager vos espaces est la raison d\u2019\u00eatre de Collection Cuisine. Par le choix des mati\u00e8res naturelles, bois en fa\u00e7ade et au sol, vasques en marbre, plan de toilette en r\u00e9sine\u00a0\u2026b\u00e9ton, luminaires jouant avec le rampant du plafond, les combles vous offrent ici un endroit r\u00e9interpr\u00e8t\u00e9, calme et apaisant.<\/p>\n","protected":false},"author":1,"featured_media":0,"parent":0,"menu_order":0,"comment_status":"closed","ping_status":"closed","template":"fullwidth.php","meta":[],"_links":{"self":[{"href":"https:\/\/collectioncuisine.fr\/index.php\/wp-json\/wp\/v2\/pages\/319"}],"collection":[{"href":"https:\/\/collectioncuisine.fr\/index.php\/wp-json\/wp\/v2\/pages"}],"about":[{"href":"https:\/\/collectioncuisine.fr\/index.php\/wp-json\/wp\/v2\/types\/page"}],"author":[{"embeddable":true,"href":"https:\/\/collectioncuisine.fr\/index.php\/wp-json\/wp\/v2\/users\/1"}],"replies":[{"embeddable":true,"href":"https:\/\/collectioncuisine.fr\/index.php\/wp-json\/wp\/v2\/comments?post=319"}],"version-history":[{"count":6,"href":"https:\/\/collectioncuisine.fr\/index.php\/wp-json\/wp\/v2\/pages\/319\/revisions"}],"predecessor-version":[{"id":334,"href":"https:\/\/collectioncuisine.fr\/index.php\/wp-json\/wp\/v2\/pages\/319\/revisions\/334"}],"wp:attachment":[{"href":"https:\/\/collectioncuisine.fr\/index.php\/wp-json\/wp\/v2\/media?parent=319"}],"curies":[{"name":"wp","href":"https:\/\/api.w.org\/{rel}","templated":true}]}}