{"id":146,"date":"2016-12-05T16:30:08","date_gmt":"2016-12-05T15:30:08","guid":{"rendered":"http:\/\/collectioncuisine.fr\/?page_id=146"},"modified":"2016-12-16T10:36:55","modified_gmt":"2016-12-16T09:36:55","slug":"cuisine-epuree","status":"publish","type":"page","link":"https:\/\/collectioncuisine.fr\/index.php\/cuisine-epuree\/","title":{"rendered":"Cuisine \u00ab\u00a0Epur\u00e9e\u00a0\u00bb"},"content":{"rendered":"<p style=\"font-family: 'Roboto Condensed', sans-serif; text-align: center;\"><em><strong>Cuisine \u00ab\u00a0E<\/strong><\/em><strong><i>PUR\u00c9E\u00a0\u00bb<\/i><\/strong><\/p>\n<h6 style=\"font-family: 'Roboto Condensed', sans-serif; text-align: center;\">Quand la sobri\u00e9t\u00e9 s\u2019en m\u00eale. Un blanc r\u00e9chauffe l\u2019atmosph\u00e8re de cette cuisine gr\u00e2ce au savant m\u00e9lange qu\u2019on lui accorde. Sol parquet bois, si\u00e8ges aux teintes color\u00e9es, murs recevant les couleurs\u2026acidul\u00e9.<\/h6>\n<table>\n<tbody>\n<tr>\n<td><a href=\"http:\/\/collectioncuisine.fr\/wp-content\/uploads\/2016\/12\/epure6.jpg\" class=\"gallery_colorbox\"><img loading=\"lazy\" class=\"alignnone size-thumbnail wp-image-154\" src=\"http:\/\/collectioncuisine.fr\/wp-content\/uploads\/2016\/12\/epure6-150x150.jpg\"  alt=\"epure6\" width=\"150\" height=\"150\" \/><\/a><\/td>\n<td><a href=\"http:\/\/collectioncuisine.fr\/wp-content\/uploads\/2016\/12\/epure5.jpg\" class=\"gallery_colorbox\"><img loading=\"lazy\" class=\"alignnone size-thumbnail wp-image-153\" src=\"http:\/\/collectioncuisine.fr\/wp-content\/uploads\/2016\/12\/epure5-150x150.jpg\"  alt=\"epure5\" width=\"150\" height=\"150\" \/><\/a><\/td>\n<td><a href=\"http:\/\/collectioncuisine.fr\/wp-content\/uploads\/2016\/12\/epure4.jpg\" class=\"gallery_colorbox\"><img loading=\"lazy\" class=\"alignnone size-thumbnail wp-image-152\" src=\"http:\/\/collectioncuisine.fr\/wp-content\/uploads\/2016\/12\/epure4-150x150.jpg\"  alt=\"epure4\" width=\"150\" height=\"150\" \/><\/a><\/td>\n<td><a href=\"http:\/\/collectioncuisine.fr\/wp-content\/uploads\/2016\/12\/epure3.jpg\" class=\"gallery_colorbox\"><img loading=\"lazy\" class=\"alignnone size-thumbnail wp-image-151\" src=\"http:\/\/collectioncuisine.fr\/wp-content\/uploads\/2016\/12\/epure3-150x150.jpg\"  alt=\"epure3\" width=\"150\" height=\"150\" \/><\/a><\/td>\n<\/tr>\n<tr>\n<td><\/td>\n<td><a href=\"http:\/\/collectioncuisine.fr\/wp-content\/uploads\/2016\/12\/epure2.jpg\" class=\"gallery_colorbox\"><img loading=\"lazy\" class=\"alignnone size-thumbnail wp-image-150\" src=\"http:\/\/collectioncuisine.fr\/wp-content\/uploads\/2016\/12\/epure2-150x150.jpg\"  alt=\"epure2\" width=\"150\" height=\"150\" \/><\/a><\/td>\n<td><a href=\"http:\/\/collectioncuisine.fr\/wp-content\/uploads\/2016\/12\/epure1.jpg\" class=\"gallery_colorbox\"><img loading=\"lazy\" class=\"alignnone size-thumbnail wp-image-149\" src=\"http:\/\/collectioncuisine.fr\/wp-content\/uploads\/2016\/12\/epure1-150x150.jpg\"  alt=\"epure1\" width=\"150\" height=\"150\" \/><\/a><\/td>\n<td><\/td>\n<\/tr>\n<\/tbody>\n<\/table>\n","protected":false},"excerpt":{"rendered":"<p>Cuisine \u00ab\u00a0EPUR\u00c9E\u00a0\u00bb Quand la sobri\u00e9t\u00e9 s\u2019en m\u00eale. Un blanc r\u00e9chauffe l\u2019atmosph\u00e8re de cette cuisine gr\u00e2ce au savant m\u00e9lange qu\u2019on lui accorde. Sol parquet bois, si\u00e8ges aux teintes color\u00e9es, murs recevant les couleurs\u2026acidul\u00e9.<\/p>\n","protected":false},"author":1,"featured_media":0,"parent":0,"menu_order":0,"comment_status":"closed","ping_status":"closed","template":"","meta":[],"_links":{"self":[{"href":"https:\/\/collectioncuisine.fr\/index.php\/wp-json\/wp\/v2\/pages\/146"}],"collection":[{"href":"https:\/\/collectioncuisine.fr\/index.php\/wp-json\/wp\/v2\/pages"}],"about":[{"href":"https:\/\/collectioncuisine.fr\/index.php\/wp-json\/wp\/v2\/types\/page"}],"author":[{"embeddable":true,"href":"https:\/\/collectioncuisine.fr\/index.php\/wp-json\/wp\/v2\/users\/1"}],"replies":[{"embeddable":true,"href":"https:\/\/collectioncuisine.fr\/index.php\/wp-json\/wp\/v2\/comments?post=146"}],"version-history":[{"count":6,"href":"https:\/\/collectioncuisine.fr\/index.php\/wp-json\/wp\/v2\/pages\/146\/revisions"}],"predecessor-version":[{"id":259,"href":"https:\/\/collectioncuisine.fr\/index.php\/wp-json\/wp\/v2\/pages\/146\/revisions\/259"}],"wp:attachment":[{"href":"https:\/\/collectioncuisine.fr\/index.php\/wp-json\/wp\/v2\/media?parent=146"}],"curies":[{"name":"wp","href":"https:\/\/api.w.org\/{rel}","templated":true}]}}